{"id":827,"date":"2023-04-28T23:54:16","date_gmt":"2023-04-28T21:54:16","guid":{"rendered":"https:\/\/www.pavolhlubik.sk\/services\/reflexology-massage\/"},"modified":"2025-11-30T20:10:53","modified_gmt":"2025-11-30T19:10:53","slug":"reflexology-massage","status":"publish","type":"page","link":"https:\/\/www.pavolhlubik.sk\/en\/services\/reflexology-massage\/","title":{"rendered":"Head in the Clouds or Feet on the Ground"},"content":{"rendered":"<!--themify_builder_content-->\n<div id=\"themify_builder_content-827\" data-postid=\"827\" class=\"themify_builder_content themify_builder_content-827 themify_builder tf_clear\">\n                    <div  data-lazy=\"1\" class=\"module_row themify_builder_row tb_dak5529 tb_first tf_w\">\n            <span class=\"builder_row_cover tf_abs\"><\/span>            <div class=\"row_inner col_align_top tb_col_count_1 tf_box tf_rel\">\n                        <div  data-lazy=\"1\" class=\"module_column tb-column col-full tb_2475529 first\">\n                    <!-- module text -->\n<div  class=\"module module-text tb_1tse592   \" data-lazy=\"1\">\n        <div  class=\"tb_text_wrap\">\n        <h1 class=\"wp-block wp-block-post-title block-editor-block-list__block editor-post-title editor-post-title__input rich-text\" style=\"text-align: center;\" role=\"textbox\" contenteditable=\"true\" aria-label=\"Zadajte nadpis\" aria-multiline=\"true\">Head in the Clouds,<br>or Feet on the Ground?<\/h1>    <\/div>\n<\/div>\n<!-- \/module text -->        <\/div>\n                        <\/div>\n        <\/div>\n                        <div  data-lazy=\"1\" class=\"module_row themify_builder_row tb_oji1337 tf_w\">\n                        <div class=\"row_inner col_align_top tb_col_count_2 tf_box tf_rel\">\n                        <div  data-lazy=\"1\" class=\"module_column tb-column col4-2 tb_gnbm338 first\">\n                    <!-- module image -->\n<div  class=\"module module-image tb_yrni161 image-top   tf_mw\" data-lazy=\"1\">\n        <div class=\"image-wrap tf_rel tf_mw\">\n            <img decoding=\"async\" width=\"500\" height=\"500\" src=\"https:\/\/www.pavolhlubik.sk\/wp-content\/uploads\/2023\/05\/champi-masaz-bratislava.jpg\" class=\"wp-post-image wp-image-763\" title=\"champi-masaz-bratislava\" alt=\"ajurv\u00e9dska mas\u00e1\u017e hlavy a \u0161ije champi\" srcset=\"https:\/\/www.pavolhlubik.sk\/wp-content\/uploads\/2023\/05\/champi-masaz-bratislava.jpg 500w, https:\/\/www.pavolhlubik.sk\/wp-content\/uploads\/2023\/05\/champi-masaz-bratislava-300x300.jpg 300w, https:\/\/www.pavolhlubik.sk\/wp-content\/uploads\/2023\/05\/champi-masaz-bratislava-150x150.jpg 150w, https:\/\/www.pavolhlubik.sk\/wp-content\/uploads\/2023\/05\/champi-masaz-bratislava-250x250.jpg 250w\" sizes=\"(max-width: 500px) 100vw, 500px\" \/>    \n        <\/div>\n    <!-- \/image-wrap -->\n    \n        <\/div>\n<!-- \/module image -->        <\/div>\n                    <div  data-lazy=\"1\" class=\"module_column tb-column col4-2 tb_j7n0827 last\">\n                    <!-- module text -->\n<div  class=\"module module-text tb_w0ms164   \" data-lazy=\"1\">\n        <div  class=\"tb_text_wrap\">\n        <h2><strong>Head in the Clouds<\/strong><\/h2>\n<div>\n<h3><strong>Ayurvedic head massage CHAMPI<\/strong><\/h3>\n<\/div>    <\/div>\n<\/div>\n<!-- \/module text --><!-- module text -->\n<div  class=\"module module-text tb_1gpc846   \" data-lazy=\"1\">\n        <div  class=\"tb_text_wrap\">\n        <p>It is a relaxing oil massage of the head, neck and shoulders. The aim of this massage is to remove feelings of tension in the cervical spine, improve neck flexibility, relieve migraine conditions, improve insomnia and increase concentration. <br><br>This ancient Indian massage is very effective for several problems. <strong>It promotes the amount of oxygen<\/strong> in the tissues and improves <strong>blood circulation.<\/strong> Therefore, it is recommended for problems with sleep, concentration, <strong>whistling in the ears,<\/strong> <strong>migraine<\/strong> and high eye pressure. It also circulates the skin and promotes the <strong>qualityand growth of hair.<\/strong> Last but not least, it effectively helps all people who spend a lot of time sitting or standing, <strong>because it relaxes the muscles in the spine, shoulders, neck and head.<\/strong><\/p>    <\/div>\n<\/div>\n<!-- \/module text --><!-- module text -->\n<div  class=\"module module-text tb_z1cs397   \" data-lazy=\"1\">\n        <div  class=\"tb_text_wrap\">\n        <h3><strong>Price list<\/strong><\/h3>\n<ul>\n<li><strong>30min &#8211; 35.00 \u20ac<\/strong><\/li>\n<\/ul>    <\/div>\n<\/div>\n<!-- \/module text --><!-- module buttons -->\n<div  class=\"module module-buttons tb_ung6716 buttons-horizontal solid  \" data-lazy=\"1\">\n        <div class=\"module-buttons-item tf_in_flx\">\n                        <a href=\"https:\/\/bratislawin.myapponio.com\/\" class=\"ui builder_button tf_in_flx tb_default_color\" rel=\"nofollow noopener\" target=\"_blank\">\n                                                Book a date                                        <\/a>\n                <\/div>\n            <\/div>\n<!-- \/module buttons -->\n        <\/div>\n                        <\/div>\n        <\/div>\n                        <div  data-lazy=\"1\" class=\"module_row themify_builder_row tb_yemn857 tf_w\">\n                        <div class=\"row_inner col_align_top tb_col_count_2 tf_box tf_rel\">\n                        <div  data-lazy=\"1\" class=\"module_column tb-column col4-2 tb_3kzt858 first\">\n                    <!-- module text -->\n<div  class=\"module module-text tb_ch2n858   \" data-lazy=\"1\">\n        <div  class=\"tb_text_wrap\">\n        <h2><strong>Feet on the Ground<br><\/strong><\/h2>\n<h3><strong>Reflexology massage\u00a0<\/strong><\/h3>    <\/div>\n<\/div>\n<!-- \/module text --><!-- module text -->\n<div  class=\"module module-text tb_w9uw858   \" data-lazy=\"1\">\n        <div  class=\"tb_text_wrap\">\n        <p>By massaging reflex points, so-called receptors, located on the feet, we stimulate and optimize the function of individual organs, allowing the body to return to its inner balance. We recommend it as a preventive therapy, but also for people experiencing difficulties with digestion, excretion, or the lymphatic system.<\/p>    <\/div>\n<\/div>\n<!-- \/module text --><!-- module text -->\n<div  class=\"module module-text tb_k2ja621   \" data-lazy=\"1\">\n        <div  class=\"tb_text_wrap\">\n        <h3><strong>Price list<\/strong><\/h3>\n<ul>\n<li><strong>45min &#8211; 55.00 \u20ac<\/strong><\/li>\n<\/ul>    <\/div>\n<\/div>\n<!-- \/module text --><!-- module buttons -->\n<div  class=\"module module-buttons tb_0r3l858 buttons-horizontal solid  \" data-lazy=\"1\">\n        <div class=\"module-buttons-item tf_in_flx\">\n                        <a href=\"https:\/\/bratislawin.myapponio.com\/\" class=\"ui builder_button tf_in_flx tb_default_color\" rel=\"nofollow noopener\" target=\"_blank\">\n                                                Book a date                                        <\/a>\n                <\/div>\n            <\/div>\n<!-- \/module buttons -->\n        <\/div>\n                    <div  data-lazy=\"1\" class=\"module_column tb-column col4-2 tb_sq8l858 last\">\n                    <!-- module image -->\n<div  class=\"module module-image tb_m0mg858 image-top   tf_mw\" data-lazy=\"1\">\n        <div class=\"image-wrap tf_rel tf_mw\">\n                \n        <\/div>\n    <!-- \/image-wrap -->\n    \n        <\/div>\n<!-- \/module image --><!-- module image -->\n<div  class=\"module module-image tb_uf9g52 image-top   tf_mw\" data-lazy=\"1\">\n        <div class=\"image-wrap tf_rel tf_mw\">\n            <img decoding=\"async\" width=\"500\" height=\"500\" src=\"https:\/\/www.pavolhlubik.sk\/wp-content\/uploads\/2023\/05\/reflexna-masaz-bratislava.jpg\" class=\"wp-post-image wp-image-756\" title=\"reflexna-masaz-bratislava\" alt=\"reflexn\u00e1 mas\u00e1\u017e chodidiel\" srcset=\"https:\/\/www.pavolhlubik.sk\/wp-content\/uploads\/2023\/05\/reflexna-masaz-bratislava.jpg 500w, https:\/\/www.pavolhlubik.sk\/wp-content\/uploads\/2023\/05\/reflexna-masaz-bratislava-300x300.jpg 300w, https:\/\/www.pavolhlubik.sk\/wp-content\/uploads\/2023\/05\/reflexna-masaz-bratislava-150x150.jpg 150w, https:\/\/www.pavolhlubik.sk\/wp-content\/uploads\/2023\/05\/reflexna-masaz-bratislava-250x250.jpg 250w, https:\/\/www.pavolhlubik.sk\/wp-content\/uploads\/2023\/05\/reflexna-masaz-bratislava-100x100.jpg 100w, https:\/\/www.pavolhlubik.sk\/wp-content\/uploads\/2023\/05\/reflexna-masaz-bratislava-400x400.jpg 400w\" sizes=\"(max-width: 500px) 100vw, 500px\" \/>    \n        <\/div>\n    <!-- \/image-wrap -->\n    \n        <\/div>\n<!-- \/module image -->        <\/div>\n                        <\/div>\n        <\/div>\n                        <div  data-lazy=\"1\" class=\"module_row themify_builder_row tb_e5qh570 tf_w\">\n                        <div class=\"row_inner col_align_top tb_col_count_1 tf_box tf_rel\">\n                        <div  data-lazy=\"1\" class=\"module_column tb-column col-full tb_v03o571 first\">\n                    <!-- module text -->\n<div  class=\"module module-text tb_tth9743    hide-desktop hide-tablet hide-tablet_landscape hide-mobile\" data-lazy=\"1\">\n        <div  class=\"tb_text_wrap\">\n        <p><span class=\"BxUVEf ILfuVd\" lang=\"sk\"><span class=\"hgKElc\">Je <b>ajurv\u00e9dska<\/b> terapeutick\u00e1 such\u00e1 <b>mas\u00e1\u017e<\/b>, pri ktorej sa \u0161peci\u00e1lny bylinn\u00fd pr\u00e1\u0161ok aplikuje na telo a s v\u00e4\u010d\u0161\u00edm tlakom sa vmas\u00edruje proti smeru vlasov\u00fdch folikulov \u2013 proti toku v\u00e1ty. <b>Mas\u00e1\u017e<\/b> aktivuje nervy a zvy\u0161uje prietok krvi do naru\u0161en\u00fdch \u010dast\u00ed tela.<\/span><\/span><\/p>\n<p><span style=\"background-color: initial; color: #ed0e0e;\">T\u00e1to starobyl\u00e1 indick\u00e1 mas\u00e1\u017e je ve\u013emi \u00fa\u010dinn\u00e1 pri viacer\u00fdch probl\u00e9moch.<\/span><span style=\"background-color: initial; color: #ed0e0e;\">\u00a0<\/span><strong style=\"background-color: initial; color: #ed0e0e;\">Podporuje mno\u017estvo kysl\u00edka v tkaniv\u00e1ch a zlep\u0161uje krvn\u00fd obeh.<\/strong><span style=\"background-color: initial; color: #ed0e0e;\">\u00a0<\/span><span style=\"background-color: initial; color: #ed0e0e;\">Preto ju odpor\u00fa\u010dame<\/span><strong style=\"background-color: initial; color: #ed0e0e;\">\u00a0pri probl\u00e9moch so sp\u00e1nkom, koncentr\u00e1ciou, p\u00edskan\u00edm v u\u0161iach, migr\u00e9nou\u00a0<\/strong><span style=\"background-color: initial; color: #ed0e0e;\">a<\/span><strong style=\"background-color: initial; color: #ed0e0e;\">\u00a0vysok\u00fdm o\u010dn\u00fdm tlakom.<\/strong><span style=\"background-color: initial; color: #ed0e0e;\">\u00a0<\/span><span style=\"background-color: initial; color: #ed0e0e;\">Prekrvuje tie\u017e poko\u017eku a<\/span><span style=\"background-color: initial; color: #ed0e0e;\">\u00a0<\/span><strong style=\"background-color: initial; color: #ed0e0e;\">podporuje kvalitu<\/strong><strong style=\"background-color: initial; color: #ed0e0e;\">\u00a0a rast vlasov<\/strong><span style=\"background-color: initial; color: #ed0e0e;\">. V neposlednom rade \u00fa\u010dinne pom\u00e1ha v\u0161etk\u00fdm \u013eu\u010fom, ktor\u00ed tr\u00e1via ve\u013ea \u010dasu seden\u00edm, \u010di st\u00e1tim, preto\u017ee<\/span><strong style=\"background-color: initial; color: #ed0e0e;\">\u00a0uvo\u013enuje svaly v oblasti chrbtice, ramien, krku a hlavy<\/strong><span style=\"color: #ed0e0e;\"><strong>. <br><\/strong><\/span><\/p>    <\/div>\n<\/div>\n<!-- \/module text -->        <\/div>\n                        <\/div>\n        <\/div>\n        <\/div>\n<!--\/themify_builder_content-->","protected":false},"excerpt":{"rendered":"<p>Head in the Clouds,or Feet on the Ground?<\/p>\n","protected":false},"author":1,"featured_media":756,"parent":801,"menu_order":0,"comment_status":"closed","ping_status":"closed","template":"","meta":{"footnotes":""},"class_list":["post-827","page","type-page","status-publish","has-post-thumbnail","hentry","has-post-title","has-post-date","has-post-category","has-post-tag","has-post-comment","has-post-author",""],"builder_content":"<h1 style=\"text-align: center;\" role=\"textbox\" contenteditable=\"true\" aria-label=\"Zadajte nadpis\" aria-multiline=\"true\">Head in the Clouds,<br>or Feet on the Ground?<\/h1>\n<img src=\"https:\/\/www.pavolhlubik.sk\/wp-content\/uploads\/2023\/05\/champi-masaz-bratislava.jpg\" title=\"champi-masaz-bratislava\" alt=\"ajurv\u00e9dska mas\u00e1\u017e hlavy a \u0161ije champi\" srcset=\"https:\/\/www.pavolhlubik.sk\/wp-content\/uploads\/2023\/05\/champi-masaz-bratislava.jpg 500w, https:\/\/www.pavolhlubik.sk\/wp-content\/uploads\/2023\/05\/champi-masaz-bratislava-300x300.jpg 300w, https:\/\/www.pavolhlubik.sk\/wp-content\/uploads\/2023\/05\/champi-masaz-bratislava-150x150.jpg 150w, https:\/\/www.pavolhlubik.sk\/wp-content\/uploads\/2023\/05\/champi-masaz-bratislava-250x250.jpg 250w\" sizes=\"(max-width: 500px) 100vw, 500px\" \/>\n<h2><strong>Head in the Clouds<\/strong><\/h2>\n<h3><strong>Ayurvedic head massage CHAMPI<\/strong><\/h3>\n<p>It is a relaxing oil massage of the head, neck and shoulders. The aim of this massage is to remove feelings of tension in the cervical spine, improve neck flexibility, relieve migraine conditions, improve insomnia and increase concentration. <br><br>This ancient Indian massage is very effective for several problems. <strong>It promotes the amount of oxygen<\/strong> in the tissues and improves <strong>blood circulation.<\/strong> Therefore, it is recommended for problems with sleep, concentration, <strong>whistling in the ears,<\/strong> <strong>migraine<\/strong> and high eye pressure. It also circulates the skin and promotes the <strong>qualityand growth of hair.<\/strong> Last but not least, it effectively helps all people who spend a lot of time sitting or standing, <strong>because it relaxes the muscles in the spine, shoulders, neck and head.<\/strong><\/p>\n<h3><strong>Price list<\/strong><\/h3> <ul> <li><strong>30min - 35.00 \u20ac<\/strong><\/li> <\/ul>\n<a href=\"https:\/\/bratislawin.myapponio.com\/\" > Book a date <\/a>\n<h2><strong>Feet on the Ground<br><\/strong><\/h2> <h3><strong>Reflexology massage\u00a0<\/strong><\/h3>\n<p>By massaging reflex points, so-called receptors, located on the feet, we stimulate and optimize the function of individual organs, allowing the body to return to its inner balance. We recommend it as a preventive therapy, but also for people experiencing difficulties with digestion, excretion, or the lymphatic system.<\/p>\n<h3><strong>Price list<\/strong><\/h3> <ul> <li><strong>45min - 55.00 \u20ac<\/strong><\/li> <\/ul>\n<a href=\"https:\/\/bratislawin.myapponio.com\/\" > Book a date <\/a>\n\n<img src=\"https:\/\/www.pavolhlubik.sk\/wp-content\/uploads\/2023\/05\/reflexna-masaz-bratislava.jpg\" title=\"reflexna-masaz-bratislava\" alt=\"reflexn\u00e1 mas\u00e1\u017e chodidiel\" srcset=\"https:\/\/www.pavolhlubik.sk\/wp-content\/uploads\/2023\/05\/reflexna-masaz-bratislava.jpg 500w, https:\/\/www.pavolhlubik.sk\/wp-content\/uploads\/2023\/05\/reflexna-masaz-bratislava-300x300.jpg 300w, https:\/\/www.pavolhlubik.sk\/wp-content\/uploads\/2023\/05\/reflexna-masaz-bratislava-150x150.jpg 150w, https:\/\/www.pavolhlubik.sk\/wp-content\/uploads\/2023\/05\/reflexna-masaz-bratislava-250x250.jpg 250w, https:\/\/www.pavolhlubik.sk\/wp-content\/uploads\/2023\/05\/reflexna-masaz-bratislava-100x100.jpg 100w, https:\/\/www.pavolhlubik.sk\/wp-content\/uploads\/2023\/05\/reflexna-masaz-bratislava-400x400.jpg 400w\" sizes=\"(max-width: 500px) 100vw, 500px\" \/>\n<p>Je <b>ajurv\u00e9dska<\/b> terapeutick\u00e1 such\u00e1 <b>mas\u00e1\u017e<\/b>, pri ktorej sa \u0161peci\u00e1lny bylinn\u00fd pr\u00e1\u0161ok aplikuje na telo a s v\u00e4\u010d\u0161\u00edm tlakom sa vmas\u00edruje proti smeru vlasov\u00fdch folikulov \u2013 proti toku v\u00e1ty. <b>Mas\u00e1\u017e<\/b> aktivuje nervy a zvy\u0161uje prietok krvi do naru\u0161en\u00fdch \u010dast\u00ed tela.<\/p> <p>T\u00e1to starobyl\u00e1 indick\u00e1 mas\u00e1\u017e je ve\u013emi \u00fa\u010dinn\u00e1 pri viacer\u00fdch probl\u00e9moch.\u00a0<strong style=\"background-color: initial; color: #ed0e0e;\">Podporuje mno\u017estvo kysl\u00edka v tkaniv\u00e1ch a zlep\u0161uje krvn\u00fd obeh.<\/strong>\u00a0Preto ju odpor\u00fa\u010dame<strong style=\"background-color: initial; color: #ed0e0e;\">\u00a0pri probl\u00e9moch so sp\u00e1nkom, koncentr\u00e1ciou, p\u00edskan\u00edm v u\u0161iach, migr\u00e9nou\u00a0<\/strong>a<strong style=\"background-color: initial; color: #ed0e0e;\">\u00a0vysok\u00fdm o\u010dn\u00fdm tlakom.<\/strong>\u00a0Prekrvuje tie\u017e poko\u017eku a\u00a0<strong style=\"background-color: initial; color: #ed0e0e;\">podporuje kvalitu<\/strong><strong style=\"background-color: initial; color: #ed0e0e;\">\u00a0a rast vlasov<\/strong>. V neposlednom rade \u00fa\u010dinne pom\u00e1ha v\u0161etk\u00fdm \u013eu\u010fom, ktor\u00ed tr\u00e1via ve\u013ea \u010dasu seden\u00edm, \u010di st\u00e1tim, preto\u017ee<strong style=\"background-color: initial; color: #ed0e0e;\">\u00a0uvo\u013enuje svaly v oblasti chrbtice, ramien, krku a hlavy<\/strong><strong>. <br><\/strong><\/p>","_links":{"self":[{"href":"https:\/\/www.pavolhlubik.sk\/en\/wp-json\/wp\/v2\/pages\/827","targetHints":{"allow":["GET"]}}],"collection":[{"href":"https:\/\/www.pavolhlubik.sk\/en\/wp-json\/wp\/v2\/pages"}],"about":[{"href":"https:\/\/www.pavolhlubik.sk\/en\/wp-json\/wp\/v2\/types\/page"}],"author":[{"embeddable":true,"href":"https:\/\/www.pavolhlubik.sk\/en\/wp-json\/wp\/v2\/users\/1"}],"replies":[{"embeddable":true,"href":"https:\/\/www.pavolhlubik.sk\/en\/wp-json\/wp\/v2\/comments?post=827"}],"version-history":[{"count":0,"href":"https:\/\/www.pavolhlubik.sk\/en\/wp-json\/wp\/v2\/pages\/827\/revisions"}],"up":[{"embeddable":true,"href":"https:\/\/www.pavolhlubik.sk\/en\/wp-json\/wp\/v2\/pages\/801"}],"wp:featuredmedia":[{"embeddable":true,"href":"https:\/\/www.pavolhlubik.sk\/en\/wp-json\/wp\/v2\/media\/756"}],"wp:attachment":[{"href":"https:\/\/www.pavolhlubik.sk\/en\/wp-json\/wp\/v2\/media?parent=827"}],"curies":[{"name":"wp","href":"https:\/\/api.w.org\/{rel}","templated":true}]}}